{"id":3821,"date":"2020-04-06T07:40:08","date_gmt":"2020-04-06T07:40:08","guid":{"rendered":"https:\/\/hotelpetitpalau.com\/los-inicios\/"},"modified":"2020-09-03T07:50:15","modified_gmt":"2020-09-03T07:50:15","slug":"els-inicis","status":"publish","type":"page","link":"https:\/\/hotelpetitpalau.com\/ca\/els-inicis\/","title":{"rendered":"Els inicis"},"content":{"rendered":"<p><div class=\"fusion-fullwidth fullwidth-box fusion-builder-row-1 nonhundred-percent-fullwidth non-hundred-percent-height-scrolling\" style=\"--awb-background-position:center top;--awb-border-sizes-top:0px;--awb-border-sizes-bottom:0px;--awb-border-sizes-left:0px;--awb-border-sizes-right:0px;--awb-border-radius-top-left:0px;--awb-border-radius-top-right:0px;--awb-border-radius-bottom-right:0px;--awb-border-radius-bottom-left:0px;--awb-padding-top:40px;--awb-flex-wrap:wrap;\" ><div class=\"fusion-builder-row fusion-row\"><div class=\"fusion-layout-column fusion_builder_column fusion-builder-column-0 fusion_builder_column_1_1 1_1 fusion-one-full fusion-column-first fusion-column-last fusion-column-no-min-height\" style=\"--awb-bg-size:cover;\"><div class=\"fusion-column-wrapper fusion-column-has-shadow fusion-flex-column-wrapper-legacy\"><div class=\"fusion-sep-clear\"><\/div><div class=\"fusion-separator fusion-full-width-sep\" style=\"margin-left: auto;margin-right: auto;margin-top:50px;width:100%;\"><\/div><div class=\"fusion-sep-clear\"><\/div><div class=\"fusion-image-element fusion-image-align-center in-legacy-container\" style=\"text-align:center;--awb-caption-title-font-family:var(--h2_typography-font-family);--awb-caption-title-font-weight:var(--h2_typography-font-weight);--awb-caption-title-font-style:var(--h2_typography-font-style);--awb-caption-title-size:var(--h2_typography-font-size);--awb-caption-title-transform:var(--h2_typography-text-transform);--awb-caption-title-line-height:var(--h2_typography-line-height);--awb-caption-title-letter-spacing:var(--h2_typography-letter-spacing);\"><div class=\"imageframe-align-center\"><span class=\" fusion-imageframe imageframe-none imageframe-1 hover-type-none\"><img decoding=\"async\" width=\"81\" height=\"21\" title=\"Sin nombre\" src=\"https:\/\/hotelpetitpalau.com\/wp-content\/uploads\/2020\/04\/Sin-nombre.jpg\" alt class=\"img-responsive wp-image-3405\"\/><\/span><\/div><\/div><div class=\"fusion-text fusion-text-1\"><p style=\"letter-spacing: 4px; font-size: 13px; text-align: center; margin-bottom: 0px;\">HOTEL PETIT PALAU<\/p>\n<h1 style=\"text-align: center;\">Els inicis<\/h1>\n<\/div><div class=\"fusion-sep-clear\"><\/div><div class=\"fusion-separator\" style=\"margin-left: auto;margin-right: auto;margin-top:0px;margin-bottom:60px;width:100%;max-width:50px;\"><div class=\"fusion-separator-border sep-single sep-solid\" style=\"--awb-height:20px;--awb-amount:20px;--awb-sep-color:#cbaa5c;border-color:#cbaa5c;border-top-width:1px;\"><\/div><\/div><div class=\"fusion-sep-clear\"><\/div><div class=\"fusion-text fusion-text-2\"><h2 style=\"font-size: 45px; text-align: center;\">De Pensi\u00f3 Montserrat a Hotel Petit Palau<\/h2>\n<\/div><div class=\"fusion-clearfix\"><\/div><\/div><\/div><\/div><\/div><div class=\"fusion-fullwidth fullwidth-box fusion-builder-row-2 nonhundred-percent-fullwidth non-hundred-percent-height-scrolling fusion-equal-height-columns\" style=\"--awb-background-position:left top;--awb-border-sizes-top:0px;--awb-border-sizes-bottom:0px;--awb-border-sizes-left:0px;--awb-border-sizes-right:0px;--awb-border-radius-top-left:0px;--awb-border-radius-top-right:0px;--awb-border-radius-bottom-right:0px;--awb-border-radius-bottom-left:0px;--awb-padding-top:0px;--awb-padding-bottom:0px;--awb-flex-wrap:wrap;\" ><div class=\"fusion-builder-row fusion-row\"><div class=\"fusion-layout-column fusion_builder_column fusion-builder-column-1 fusion_builder_column_1_1 1_1 fusion-one-full fusion-column-first fusion-column-last fusion-column-no-min-height\" style=\"--awb-bg-size:cover;--awb-margin-bottom:0px;\"><div class=\"fusion-column-wrapper fusion-flex-column-wrapper-legacy\"><div class=\"fusion-sep-clear\"><\/div><div class=\"fusion-separator\" style=\"margin-left: auto;margin-right: auto;margin-top:0px;margin-bottom:60px;width:100%;max-width:50px;\"><div class=\"fusion-separator-border sep-single sep-solid\" style=\"--awb-height:20px;--awb-amount:20px;--awb-sep-color:#cbaa5c;border-color:#cbaa5c;border-top-width:1px;\"><\/div><\/div><div class=\"fusion-sep-clear\"><\/div><div class=\"fusion-text fusion-text-3\"><p style=\"text-align: center;\"><span style=\"color: #000000;\">L&#8217;edifici on es troba actualment l&#8217;<b>Hotel Petit Palau<\/b> es va construir entre <b>1965 i 1968<\/b> pels avis de l&#8217;actual titular: Antonio i Mar\u00eda. Des dels inicis la idea era fer 23 habitatges per vendre, per\u00f2 despr\u00e9s van decidir construir-hi habitacions per a allotjament tur\u00edstic. En aquell temps el turisme de sol i platja creixia amb molta for\u00e7a en el nostre territori i els avis que ja tenien experi\u00e8ncia en el sector van apostar per desenvolupar la nova activitat sota el nom de Casa d&#8217;hostes Montserrat.<\/span><\/p>\n<p style=\"text-align: center;\"><span style=\"color: #000000;\">Durant els anys <b>70 i 80<\/b> i part dels <b>90<\/b>, l&#8217;establiment va funcionar com a Casa d&#8217;hostes i posteriorment com Pensi\u00f3.<\/span><\/p>\n<\/div><div class=\"fusion-clearfix\"><\/div><\/div><\/div><div class=\"fusion-layout-column fusion_builder_column fusion-builder-column-2 fusion_builder_column_1_2 1_2 fusion-one-half fusion-column-first fusion-column-no-min-height\" style=\"--awb-padding-top:50px;--awb-bg-size:cover;--awb-margin-bottom:0px;width:48%; margin-right: 4%;\"><div class=\"fusion-column-wrapper fusion-column-has-shadow fusion-flex-column-wrapper-legacy\"><div class=\"fusion-image-carousel fusion-image-carousel-auto fusion-image-carousel-1 mb-0\"><div class=\"awb-carousel awb-swiper awb-swiper-carousel awb-carousel--carousel awb-swiper-dots-position-bottom\" data-layout=\"carousel\" data-autoplay=\"yes\" data-autoplayspeed=\"2500\" data-autoplaypause=\"no\" data-columns=\"1\" data-columnsmedium=\"1\" data-columnssmall=\"1\" data-itemmargin=\"0\" data-itemwidth=\"180\" data-touchscroll=\"drag\" data-freemode=\"no\" data-imagesize=\"auto\" data-scrollitems=\"0\" data-centeredslides=\"no\" data-rotationangle=\"50\" data-depth=\"100\" data-speed=\"500\" data-shadow=\"no\" data-pagination=\"bullets\" style=\"--awb-columns:1;--awb-column-spacing:0px;\"><div class=\"swiper-wrapper awb-image-carousel-wrapper fusion-flex-align-items-center\"><div class=\"swiper-slide\"><div class=\"fusion-carousel-item-wrapper\"><div class=\"fusion-image-wrapper hover-type-none\"><img decoding=\"async\" width=\"500\" height=\"380\" src=\"https:\/\/hotelpetitpalau.com\/wp-content\/uploads\/2020\/05\/Antonio-y-Mar\u00eda-2.jpg\" class=\"attachment-full size-full\" alt=\"Los inicios: Fotograf\u00eda de los abuelos de la actual propiedad Antonio Berm\u00fadez y Mar\u00eda Estap\u00e9\" srcset=\"https:\/\/hotelpetitpalau.com\/wp-content\/uploads\/2020\/05\/Antonio-y-Mar\u00eda-2-200x152.jpg 200w, https:\/\/hotelpetitpalau.com\/wp-content\/uploads\/2020\/05\/Antonio-y-Mar\u00eda-2-300x228.jpg 300w, https:\/\/hotelpetitpalau.com\/wp-content\/uploads\/2020\/05\/Antonio-y-Mar\u00eda-2-400x304.jpg 400w, https:\/\/hotelpetitpalau.com\/wp-content\/uploads\/2020\/05\/Antonio-y-Mar\u00eda-2.jpg 500w\" sizes=\"(max-width: 500px) 100vw, 500px\" \/><\/div><\/div><\/div><\/div><div class=\"awb-swiper-button awb-swiper-button-prev\"><i class=\"awb-icon-angle-left\" aria-hidden=\"true\"><\/i><\/div><div class=\"awb-swiper-button awb-swiper-button-next\"><i class=\"awb-icon-angle-right\" aria-hidden=\"true\"><\/i><\/div><\/div><\/div><div class=\"fusion-text fusion-text-4\"><p style=\"text-align: center;\"><span style=\"color: #000000;\"><b>Avis: Antonio Berm\u00fadez i Mar\u00eda Estap\u00e9<\/b><\/span><\/p>\n<\/div><div class=\"fusion-clearfix\"><\/div><\/div><\/div><div class=\"fusion-layout-column fusion_builder_column fusion-builder-column-3 fusion_builder_column_1_2 1_2 fusion-one-half fusion-column-last fusion-column-no-min-height\" style=\"--awb-bg-size:cover;--awb-margin-bottom:0px;width:48%;\"><div class=\"fusion-column-wrapper fusion-flex-column-wrapper-legacy\"><div class=\"fusion-image-carousel fusion-image-carousel-auto fusion-image-carousel-2 mb-0\"><div class=\"awb-carousel awb-swiper awb-swiper-carousel awb-carousel--carousel awb-swiper-dots-position-bottom\" data-layout=\"carousel\" data-autoplay=\"yes\" data-autoplayspeed=\"2500\" data-autoplaypause=\"no\" data-columns=\"1\" data-columnsmedium=\"1\" data-columnssmall=\"1\" data-itemmargin=\"0\" data-itemwidth=\"180\" data-touchscroll=\"drag\" data-freemode=\"no\" data-imagesize=\"auto\" data-scrollitems=\"0\" data-centeredslides=\"no\" data-rotationangle=\"50\" data-depth=\"100\" data-speed=\"500\" data-shadow=\"no\" data-pagination=\"bullets\" style=\"--awb-columns:1;--awb-column-spacing:0px;\"><div class=\"swiper-wrapper awb-image-carousel-wrapper fusion-flex-align-items-center\"><div class=\"swiper-slide\"><div class=\"fusion-carousel-item-wrapper\"><div class=\"fusion-image-wrapper hover-type-none\"><img decoding=\"async\" width=\"380\" height=\"500\" src=\"https:\/\/hotelpetitpalau.com\/wp-content\/uploads\/2020\/05\/Pension-Montserrat-2.jpg\" class=\"attachment-full size-full\" alt=\"Los inicios: Fotograf\u00eda de la Pensi\u00f3n Montserrat el a\u00f1o 1974\" srcset=\"https:\/\/hotelpetitpalau.com\/wp-content\/uploads\/2020\/05\/Pension-Montserrat-2-200x263.jpg 200w, https:\/\/hotelpetitpalau.com\/wp-content\/uploads\/2020\/05\/Pension-Montserrat-2-228x300.jpg 228w, https:\/\/hotelpetitpalau.com\/wp-content\/uploads\/2020\/05\/Pension-Montserrat-2.jpg 380w\" sizes=\"(max-width: 380px) 100vw, 380px\" \/><\/div><\/div><\/div><\/div><div class=\"awb-swiper-button awb-swiper-button-prev\"><i class=\"awb-icon-angle-left\" aria-hidden=\"true\"><\/i><\/div><div class=\"awb-swiper-button awb-swiper-button-next\"><i class=\"awb-icon-angle-right\" aria-hidden=\"true\"><\/i><\/div><\/div><\/div><div class=\"fusion-text fusion-text-5\"><p style=\"text-align: center;\"><span style=\"color: #000000;\"><b>Fotografia: Pensi\u00f3 Montserrat any 1974<\/b><\/span><\/p>\n<\/div><div class=\"fusion-clearfix\"><\/div><\/div><\/div><div class=\"fusion-layout-column fusion_builder_column fusion-builder-column-4 fusion_builder_column_1_1 1_1 fusion-one-full fusion-column-first fusion-column-last fusion-column-no-min-height\" style=\"--awb-bg-size:cover;--awb-margin-bottom:0px;\"><div class=\"fusion-column-wrapper fusion-flex-column-wrapper-legacy\"><div class=\"fusion-sep-clear\"><\/div><div class=\"fusion-separator\" style=\"margin-left: auto;margin-right: auto;margin-top:0px;margin-bottom:60px;width:100%;max-width:50px;\"><div class=\"fusion-separator-border sep-single sep-solid\" style=\"--awb-height:20px;--awb-amount:20px;--awb-sep-color:#cbaa5c;border-color:#cbaa5c;border-top-width:1px;\"><\/div><\/div><div class=\"fusion-sep-clear\"><\/div><div class=\"fusion-text fusion-text-6\"><p style=\"text-align: center;\"><span style=\"color: #000000;\">Durant els anys <b>1983-84<\/b> es van fer obres interiors amb la construcci\u00f3 de banys a totes les habitacions i menjador per esmorzars al primer pis. En aquesta \u00e8poca, ja sota la batuta de la segona generaci\u00f3 de propietaris: (En Pepito i la Maria), es va adaptar l&#8217;edifici a les noves normes de seguretat contra incendis. El <b>1991<\/b> es va obtenir la classificaci\u00f3 d&#8217;hotel d&#8217;1 estrella.<\/span><\/p>\n<\/div><div class=\"fusion-clearfix\"><\/div><\/div><\/div><div class=\"fusion-layout-column fusion_builder_column fusion-builder-column-5 fusion_builder_column_1_1 1_1 fusion-one-full fusion-column-first fusion-column-last fusion-column-no-min-height\" style=\"--awb-bg-size:cover;--awb-margin-bottom:0px;\"><div class=\"fusion-column-wrapper fusion-flex-column-wrapper-legacy\"><div class=\"fusion-image-carousel fusion-image-carousel-auto fusion-image-carousel-3 mb-0\"><div class=\"awb-carousel awb-swiper awb-swiper-carousel awb-carousel--carousel awb-swiper-dots-position-bottom\" data-layout=\"carousel\" data-autoplay=\"yes\" data-autoplayspeed=\"2500\" data-autoplaypause=\"no\" data-columns=\"1\" data-columnsmedium=\"1\" data-columnssmall=\"1\" data-itemmargin=\"0\" data-itemwidth=\"180\" data-touchscroll=\"drag\" data-freemode=\"no\" data-imagesize=\"auto\" data-scrollitems=\"0\" data-centeredslides=\"no\" data-rotationangle=\"50\" data-depth=\"100\" data-speed=\"500\" data-shadow=\"no\" data-pagination=\"bullets\" style=\"--awb-columns:1;--awb-column-spacing:0px;\"><div class=\"swiper-wrapper awb-image-carousel-wrapper fusion-flex-align-items-center\"><div class=\"swiper-slide\"><div class=\"fusion-carousel-item-wrapper\"><div class=\"fusion-image-wrapper hover-type-none\"><img decoding=\"async\" width=\"380\" height=\"500\" src=\"https:\/\/hotelpetitpalau.com\/wp-content\/uploads\/2020\/05\/Pepito-y-Maria-2.jpg\" class=\"attachment-full size-full\" alt=\"Los inicios:  Fotograf\u00eda de los padres de la actual propiedad Pepito Mar\u00e8s y Maria Berm\u00fadez\" srcset=\"https:\/\/hotelpetitpalau.com\/wp-content\/uploads\/2020\/05\/Pepito-y-Maria-2-200x263.jpg 200w, https:\/\/hotelpetitpalau.com\/wp-content\/uploads\/2020\/05\/Pepito-y-Maria-2-228x300.jpg 228w, https:\/\/hotelpetitpalau.com\/wp-content\/uploads\/2020\/05\/Pepito-y-Maria-2.jpg 380w\" sizes=\"(max-width: 380px) 100vw, 380px\" \/><\/div><\/div><\/div><\/div><div class=\"awb-swiper-button awb-swiper-button-prev\"><i class=\"awb-icon-angle-left\" aria-hidden=\"true\"><\/i><\/div><div class=\"awb-swiper-button awb-swiper-button-next\"><i class=\"awb-icon-angle-right\" aria-hidden=\"true\"><\/i><\/div><\/div><\/div><div class=\"fusion-text fusion-text-7\"><p style=\"text-align: center;\"><span style=\"color: #000000;\"><b>Pares: Pepito Mar\u00e8s i Maria Berm\u00fadez<\/b><\/span><\/p>\n<\/div><div class=\"fusion-clearfix\"><\/div><\/div><\/div><div class=\"fusion-layout-column fusion_builder_column fusion-builder-column-6 fusion_builder_column_1_1 1_1 fusion-one-full fusion-column-first fusion-column-last fusion-column-no-min-height\" style=\"--awb-bg-size:cover;--awb-margin-bottom:0px;\"><div class=\"fusion-column-wrapper fusion-flex-column-wrapper-legacy\"><div class=\"fusion-sep-clear\"><\/div><div class=\"fusion-separator\" style=\"margin-left: auto;margin-right: auto;margin-top:0px;margin-bottom:60px;width:100%;max-width:50px;\"><div class=\"fusion-separator-border sep-single sep-solid\" style=\"--awb-height:20px;--awb-amount:20px;--awb-sep-color:#cbaa5c;border-color:#cbaa5c;border-top-width:1px;\"><\/div><\/div><div class=\"fusion-sep-clear\"><\/div><div class=\"fusion-text fusion-text-8\"><p style=\"text-align: center;\"><span style=\"color: #000000;\">El <b>1995<\/b> es va decidir incrementar les prestacions de l&#8217;hotel construint la piscina i un nou menjador, tamb\u00e9 es van augmentar els espais comuns de la recepci\u00f3 el hall i el bar. Aquestes millores ens van permetre millorar la categoria de l&#8217;hotel a 2 estrelles.<\/span><\/p>\n<\/div><div class=\"fusion-clearfix\"><\/div><\/div><\/div><div class=\"fusion-layout-column fusion_builder_column fusion-builder-column-7 fusion_builder_column_1_1 1_1 fusion-one-full fusion-column-first fusion-column-last fusion-column-no-min-height\" style=\"--awb-bg-size:cover;--awb-margin-bottom:0px;\"><div class=\"fusion-column-wrapper fusion-flex-column-wrapper-legacy\"><div class=\"fusion-image-carousel fusion-image-carousel-auto fusion-image-carousel-4 mb-0\"><div class=\"awb-carousel awb-swiper awb-swiper-carousel awb-carousel--carousel awb-swiper-dots-position-bottom\" data-layout=\"carousel\" data-autoplay=\"yes\" data-autoplayspeed=\"2500\" data-autoplaypause=\"no\" data-columns=\"1\" data-columnsmedium=\"1\" data-columnssmall=\"1\" data-itemmargin=\"0\" data-itemwidth=\"180\" data-touchscroll=\"drag\" data-freemode=\"no\" data-imagesize=\"auto\" data-scrollitems=\"0\" data-centeredslides=\"no\" data-rotationangle=\"50\" data-depth=\"100\" data-speed=\"500\" data-shadow=\"no\" data-pagination=\"bullets\" style=\"--awb-columns:1;--awb-column-spacing:0px;\"><div class=\"swiper-wrapper awb-image-carousel-wrapper fusion-flex-align-items-center\"><div class=\"swiper-slide\"><div class=\"fusion-carousel-item-wrapper\"><div class=\"fusion-image-wrapper hover-type-none\"><img decoding=\"async\" width=\"380\" height=\"500\" src=\"https:\/\/hotelpetitpalau.com\/wp-content\/uploads\/2020\/05\/Hotel-Montserrat-2.jpg\" class=\"attachment-full size-full\" alt=\"Los inicios:  Fotograf\u00eda del Hotel Montserrat el a\u00f1o 1996\" srcset=\"https:\/\/hotelpetitpalau.com\/wp-content\/uploads\/2020\/05\/Hotel-Montserrat-2-200x263.jpg 200w, https:\/\/hotelpetitpalau.com\/wp-content\/uploads\/2020\/05\/Hotel-Montserrat-2-228x300.jpg 228w, https:\/\/hotelpetitpalau.com\/wp-content\/uploads\/2020\/05\/Hotel-Montserrat-2.jpg 380w\" sizes=\"(max-width: 380px) 100vw, 380px\" \/><\/div><\/div><\/div><\/div><div class=\"awb-swiper-button awb-swiper-button-prev\"><i class=\"awb-icon-angle-left\" aria-hidden=\"true\"><\/i><\/div><div class=\"awb-swiper-button awb-swiper-button-next\"><i class=\"awb-icon-angle-right\" aria-hidden=\"true\"><\/i><\/div><\/div><\/div><div class=\"fusion-text fusion-text-9\"><p style=\"text-align: center;\"><span style=\"color: #000000;\"><b>Fotografia: Hotel Montserrat any 1996<\/b><\/span><\/p>\n<\/div><div class=\"fusion-clearfix\"><\/div><\/div><\/div><div class=\"fusion-layout-column fusion_builder_column fusion-builder-column-8 fusion_builder_column_1_1 1_1 fusion-one-full fusion-column-first fusion-column-last fusion-column-no-min-height\" style=\"--awb-bg-size:cover;--awb-margin-bottom:0px;\"><div class=\"fusion-column-wrapper fusion-flex-column-wrapper-legacy\"><div class=\"fusion-sep-clear\"><\/div><div class=\"fusion-separator\" style=\"margin-left: auto;margin-right: auto;margin-top:0px;margin-bottom:60px;width:100%;max-width:50px;\"><div class=\"fusion-separator-border sep-single sep-solid\" style=\"--awb-height:20px;--awb-amount:20px;--awb-sep-color:#cbaa5c;border-color:#cbaa5c;border-top-width:1px;\"><\/div><\/div><div class=\"fusion-sep-clear\"><\/div><div class=\"fusion-text fusion-text-10\"><p style=\"text-align: center;\"><span style=\"color: #000000;\">Posteriorment i sota la ger\u00e8ncia dels actuals propietaris s&#8217;han anat fent diferents reformes, per\u00f2 la m\u00e9s significativa i important ha estat la renovaci\u00f3 total de les habitacions entre l&#8217;any <b>2011 i 2012<\/b>. Aquesta obra ens va permetre donar un salt qualitatiu en qualitat i servei que ens va portar a obtenir la categoria actual de l&#8217;hotel de 4 estrelles superior.<\/span><\/p>\n<\/div><div class=\"fusion-clearfix\"><\/div><\/div><\/div><div class=\"fusion-layout-column fusion_builder_column fusion-builder-column-9 fusion_builder_column_1_1 1_1 fusion-one-full fusion-column-first fusion-column-last fusion-column-no-min-height\" style=\"--awb-bg-size:cover;--awb-margin-bottom:0px;\"><div class=\"fusion-column-wrapper fusion-flex-column-wrapper-legacy\"><div class=\"fusion-image-carousel fusion-image-carousel-auto fusion-image-carousel-5 mb-0\"><div class=\"awb-carousel awb-swiper awb-swiper-carousel awb-carousel--carousel awb-swiper-dots-position-bottom\" data-layout=\"carousel\" data-autoplay=\"yes\" data-autoplayspeed=\"2500\" data-autoplaypause=\"no\" data-columns=\"1\" data-columnsmedium=\"1\" data-columnssmall=\"1\" data-itemmargin=\"0\" data-itemwidth=\"180\" data-touchscroll=\"drag\" data-freemode=\"no\" data-imagesize=\"auto\" data-scrollitems=\"0\" data-centeredslides=\"no\" data-rotationangle=\"50\" data-depth=\"100\" data-speed=\"500\" data-shadow=\"no\" data-pagination=\"bullets\" style=\"--awb-columns:1;--awb-column-spacing:0px;\"><div class=\"swiper-wrapper awb-image-carousel-wrapper fusion-flex-align-items-center\"><div class=\"swiper-slide\"><div class=\"fusion-carousel-item-wrapper\"><div class=\"fusion-image-wrapper hover-type-none\"><img decoding=\"async\" width=\"500\" height=\"380\" src=\"https:\/\/hotelpetitpalau.com\/wp-content\/uploads\/2020\/05\/Hotel-Petit-Palau-7.jpg\" class=\"attachment-full size-full\" alt=\"Los inicios:  Fotograf\u00eda de los actuales propietarios Toni Mar\u00e8s y Esther Gelm\u00e0 e hijos\" srcset=\"https:\/\/hotelpetitpalau.com\/wp-content\/uploads\/2020\/05\/Hotel-Petit-Palau-7-200x152.jpg 200w, https:\/\/hotelpetitpalau.com\/wp-content\/uploads\/2020\/05\/Hotel-Petit-Palau-7-300x228.jpg 300w, https:\/\/hotelpetitpalau.com\/wp-content\/uploads\/2020\/05\/Hotel-Petit-Palau-7-400x304.jpg 400w, https:\/\/hotelpetitpalau.com\/wp-content\/uploads\/2020\/05\/Hotel-Petit-Palau-7.jpg 500w\" sizes=\"(max-width: 500px) 100vw, 500px\" \/><\/div><\/div><\/div><\/div><div class=\"awb-swiper-button awb-swiper-button-prev\"><i class=\"awb-icon-angle-left\" aria-hidden=\"true\"><\/i><\/div><div class=\"awb-swiper-button awb-swiper-button-next\"><i class=\"awb-icon-angle-right\" aria-hidden=\"true\"><\/i><\/div><\/div><\/div><div class=\"fusion-text fusion-text-11\"><p style=\"text-align: center;\"><span style=\"color: #000000;\"><b>Actuals propietaris: Toni Mar\u00e8s i Esther Gelm\u00e0 i fills<\/b><\/span><\/p>\n<\/div><div class=\"fusion-clearfix\"><\/div><\/div><\/div><\/div><\/div><\/p>\n","protected":false},"excerpt":{"rendered":"","protected":false},"author":1,"featured_media":0,"parent":0,"menu_order":0,"comment_status":"closed","ping_status":"closed","template":"100-width.php","meta":{"footnotes":""},"class_list":["post-3821","page","type-page","status-publish","hentry"],"yoast_head":"<!-- This site is optimized with the Yoast SEO plugin v26.9 - https:\/\/yoast.com\/product\/yoast-seo-wordpress\/ -->\n<title>Els inicis | Hotel Petit Palau | Hotel a Blanes (Costa Brava)<\/title>\n<meta name=\"description\" content=\"Si vol con\u00e8ixer els inicis i l&#039;evoluci\u00f3 que ha anat experimentant el nostre hotel al llarg dels anys, li recomanem que llegeixi aquesta secci\u00f3.\" \/>\n<meta name=\"robots\" content=\"index, follow, max-snippet:-1, max-image-preview:large, max-video-preview:-1\" \/>\n<link rel=\"canonical\" href=\"https:\/\/hotelpetitpalau.com\/ca\/els-inicis\/\" \/>\n<meta property=\"og:locale\" content=\"ca_ES\" \/>\n<meta property=\"og:type\" content=\"article\" \/>\n<meta property=\"og:title\" content=\"Els inicis | Hotel Petit Palau | Hotel a Blanes (Costa Brava)\" \/>\n<meta property=\"og:description\" content=\"Si vol con\u00e8ixer els inicis i l&#039;evoluci\u00f3 que ha anat experimentant el nostre hotel al llarg dels anys, li recomanem que llegeixi aquesta secci\u00f3.\" \/>\n<meta property=\"og:url\" content=\"https:\/\/hotelpetitpalau.com\/ca\/els-inicis\/\" \/>\n<meta property=\"og:site_name\" content=\"Hotel Petit Palau\" \/>\n<meta property=\"article:modified_time\" content=\"2020-09-03T07:50:15+00:00\" \/>\n<meta name=\"twitter:card\" content=\"summary_large_image\" \/>\n<meta name=\"twitter:label1\" content=\"Temps estimat de lectura\" \/>\n\t<meta name=\"twitter:data1\" content=\"14 minuts\" \/>\n<script type=\"application\/ld+json\" class=\"yoast-schema-graph\">{\"@context\":\"https:\/\/schema.org\",\"@graph\":[{\"@type\":\"WebPage\",\"@id\":\"https:\/\/hotelpetitpalau.com\/ca\/els-inicis\/\",\"url\":\"https:\/\/hotelpetitpalau.com\/ca\/els-inicis\/\",\"name\":\"Els inicis | Hotel Petit Palau | Hotel a Blanes (Costa Brava)\",\"isPartOf\":{\"@id\":\"https:\/\/hotelpetitpalau.com\/#website\"},\"datePublished\":\"2020-04-06T07:40:08+00:00\",\"dateModified\":\"2020-09-03T07:50:15+00:00\",\"description\":\"Si vol con\u00e8ixer els inicis i l'evoluci\u00f3 que ha anat experimentant el nostre hotel al llarg dels anys, li recomanem que llegeixi aquesta secci\u00f3.\",\"breadcrumb\":{\"@id\":\"https:\/\/hotelpetitpalau.com\/ca\/els-inicis\/#breadcrumb\"},\"inLanguage\":\"ca\",\"potentialAction\":[{\"@type\":\"ReadAction\",\"target\":[\"https:\/\/hotelpetitpalau.com\/ca\/els-inicis\/\"]}]},{\"@type\":\"BreadcrumbList\",\"@id\":\"https:\/\/hotelpetitpalau.com\/ca\/els-inicis\/#breadcrumb\",\"itemListElement\":[{\"@type\":\"ListItem\",\"position\":1,\"name\":\"Portada\",\"item\":\"https:\/\/hotelpetitpalau.com\/ca\/\"},{\"@type\":\"ListItem\",\"position\":2,\"name\":\"Els inicis\"}]},{\"@type\":\"WebSite\",\"@id\":\"https:\/\/hotelpetitpalau.com\/#website\",\"url\":\"https:\/\/hotelpetitpalau.com\/\",\"name\":\"Hotel Petit Palau\",\"description\":\"Hotel Petit Palau Blanes\",\"potentialAction\":[{\"@type\":\"SearchAction\",\"target\":{\"@type\":\"EntryPoint\",\"urlTemplate\":\"https:\/\/hotelpetitpalau.com\/?s={search_term_string}\"},\"query-input\":{\"@type\":\"PropertyValueSpecification\",\"valueRequired\":true,\"valueName\":\"search_term_string\"}}],\"inLanguage\":\"ca\"}]}<\/script>\n<!-- \/ Yoast SEO plugin. -->","yoast_head_json":{"title":"Els inicis | Hotel Petit Palau | Hotel a Blanes (Costa Brava)","description":"Si vol con\u00e8ixer els inicis i l'evoluci\u00f3 que ha anat experimentant el nostre hotel al llarg dels anys, li recomanem que llegeixi aquesta secci\u00f3.","robots":{"index":"index","follow":"follow","max-snippet":"max-snippet:-1","max-image-preview":"max-image-preview:large","max-video-preview":"max-video-preview:-1"},"canonical":"https:\/\/hotelpetitpalau.com\/ca\/els-inicis\/","og_locale":"ca_ES","og_type":"article","og_title":"Els inicis | Hotel Petit Palau | Hotel a Blanes (Costa Brava)","og_description":"Si vol con\u00e8ixer els inicis i l'evoluci\u00f3 que ha anat experimentant el nostre hotel al llarg dels anys, li recomanem que llegeixi aquesta secci\u00f3.","og_url":"https:\/\/hotelpetitpalau.com\/ca\/els-inicis\/","og_site_name":"Hotel Petit Palau","article_modified_time":"2020-09-03T07:50:15+00:00","twitter_card":"summary_large_image","twitter_misc":{"Temps estimat de lectura":"14 minuts"},"schema":{"@context":"https:\/\/schema.org","@graph":[{"@type":"WebPage","@id":"https:\/\/hotelpetitpalau.com\/ca\/els-inicis\/","url":"https:\/\/hotelpetitpalau.com\/ca\/els-inicis\/","name":"Els inicis | Hotel Petit Palau | Hotel a Blanes (Costa Brava)","isPartOf":{"@id":"https:\/\/hotelpetitpalau.com\/#website"},"datePublished":"2020-04-06T07:40:08+00:00","dateModified":"2020-09-03T07:50:15+00:00","description":"Si vol con\u00e8ixer els inicis i l'evoluci\u00f3 que ha anat experimentant el nostre hotel al llarg dels anys, li recomanem que llegeixi aquesta secci\u00f3.","breadcrumb":{"@id":"https:\/\/hotelpetitpalau.com\/ca\/els-inicis\/#breadcrumb"},"inLanguage":"ca","potentialAction":[{"@type":"ReadAction","target":["https:\/\/hotelpetitpalau.com\/ca\/els-inicis\/"]}]},{"@type":"BreadcrumbList","@id":"https:\/\/hotelpetitpalau.com\/ca\/els-inicis\/#breadcrumb","itemListElement":[{"@type":"ListItem","position":1,"name":"Portada","item":"https:\/\/hotelpetitpalau.com\/ca\/"},{"@type":"ListItem","position":2,"name":"Els inicis"}]},{"@type":"WebSite","@id":"https:\/\/hotelpetitpalau.com\/#website","url":"https:\/\/hotelpetitpalau.com\/","name":"Hotel Petit Palau","description":"Hotel Petit Palau Blanes","potentialAction":[{"@type":"SearchAction","target":{"@type":"EntryPoint","urlTemplate":"https:\/\/hotelpetitpalau.com\/?s={search_term_string}"},"query-input":{"@type":"PropertyValueSpecification","valueRequired":true,"valueName":"search_term_string"}}],"inLanguage":"ca"}]}},"_links":{"self":[{"href":"https:\/\/hotelpetitpalau.com\/ca\/wp-json\/wp\/v2\/pages\/3821","targetHints":{"allow":["GET"]}}],"collection":[{"href":"https:\/\/hotelpetitpalau.com\/ca\/wp-json\/wp\/v2\/pages"}],"about":[{"href":"https:\/\/hotelpetitpalau.com\/ca\/wp-json\/wp\/v2\/types\/page"}],"author":[{"embeddable":true,"href":"https:\/\/hotelpetitpalau.com\/ca\/wp-json\/wp\/v2\/users\/1"}],"replies":[{"embeddable":true,"href":"https:\/\/hotelpetitpalau.com\/ca\/wp-json\/wp\/v2\/comments?post=3821"}],"version-history":[{"count":0,"href":"https:\/\/hotelpetitpalau.com\/ca\/wp-json\/wp\/v2\/pages\/3821\/revisions"}],"wp:attachment":[{"href":"https:\/\/hotelpetitpalau.com\/ca\/wp-json\/wp\/v2\/media?parent=3821"}],"curies":[{"name":"wp","href":"https:\/\/api.w.org\/{rel}","templated":true}]}}